{"id":182,"date":"2025-07-17T08:00:08","date_gmt":"2025-07-17T06:00:08","guid":{"rendered":"http:\/\/consejosocial.zeus.umh.es\/?page_id=182"},"modified":"2026-03-13T13:24:33","modified_gmt":"2026-03-13T12:24:33","slug":"miembros-actuales","status":"publish","type":"page","link":"https:\/\/consejosocial.umh.es\/ca\/presentacion\/composicion-consejo-social\/miembros-actuales\/","title":{"rendered":"Miembros  Actuales"},"content":{"rendered":"<p><\/p>\n<p><p><strong>PRESIDENTE<\/strong><\/p>\n<p>D. Francisco Borja Miralles<\/p>\n<p><strong>VICEPRESIDENTE<\/strong><\/p>\n<p>D. Francisco Soler Obrero<\/p>\n<p><strong>VOCALES NATOS UMH<\/strong><\/p>\n<p>D. Jes\u00fas Tadeo Pastor Ciurana (Rector)<\/p>\n<p>D\u00f1a. M\u00aa Mercedes S\u00e1nchez Castillo (Secretaria General)<\/p>\n<p>D. Rafael Gand\u00eda Balaguer (Gerente)<\/p>\n<p><strong>REPRESENTANTES UMH<\/strong><\/p>\n<p>D. Fernando Vidal Gim\u00e9nez\u00a0 (P.D.I)<\/p>\n<p>D\u00f1a. Cristina Pastor Valc\u00e1rcel (Alumnos)<\/p>\n<p>D. Juan Agull\u00f3 Valero \u00a0(P.A.S)<\/p>\n<p><strong>REPRESENTANTES DE LOS INTERESES SOCIALES:<\/strong><\/p>\n<p><strong>DESIGNADOS POR LAS CORTES VALENCIANAS<\/strong><\/p>\n<p>D. Antonio Ram\u00f3n Guilabert Torregrosa<\/p>\n<p>D. Jos\u00e9 Quiles Soler<\/p>\n<p><strong>DESIGNADO POR EL CONSELLER DE COMERCIO, INDUSTRIA E INNOVACI\u00d3N:<\/strong><\/p>\n<p>D. Joaqu\u00edn P\u00e9rez V\u00e1zquez<\/p>\n<p><strong>DESIGNADOS POR LA CONSELLERIA DE EDUCACI\u00d3N<\/strong><\/p>\n<p>\u00a0D. Carlos Lozano Serrano<\/p>\n<p>D. Francisco Soler Obrero<\/p>\n<p>D\u00f1a. M\u00aa Jos\u00e9 Hidalgo Navarro<\/p>\n<p><strong>DESIGNADO POR\u00a0EL CONSEJO DE C\u00c1MARAS DE COMERCIO DE LA C.V.\u00a0<\/strong><\/p>\n<p>\u00a0D. Felix Mar\u00eda Cerd\u00e1n Mart\u00ednez<\/p>\n<p><strong>DESIGNADO POR EL AYUNTAMIENTO DE ELCHE<\/strong><\/p>\n<p>D\u00f1a. Mercedes Alonso Garc\u00eda<\/p>\n<p><strong>DESIGNADO POR LA DIPUTACI\u00d3N PROVINCIAL DE ALICANTE<\/strong><\/p>\n<p>D. Antonio Rodr\u00edguez Barber\u00e1<\/p>\n<p><strong>DESIGNADOS POR LAS ORGANIZACIONES SINDICALES<\/strong><\/p>\n<p>D. Pascual Pascual Morales (CC.OO)<\/p>\n<p>D. Ismael Senent Cartagena (U.G.T.)<\/p>\n<p>D. Bartolom\u00e9 \u00dabeda Fern\u00e1ndez (U.G.T.)<\/p>\n<p><strong>DESIGNADOS POR LAS ORGANIZACIONES EMPRESARIALES<\/strong><\/p>\n<p>D. Modesto Crespo Mart\u00ednez<\/p>\n<p>D\u00f1a. Rosana Per\u00e1n Baz\u00e1n<\/p>\n<p>D. Francisco Mar\u00edn Mart\u00ednez<\/p>\n<p><strong>DESIGNADO POR COLEGIOS PROFESIONALES<\/strong><\/p>\n<p>D. Francisco Menargues Garc\u00eda<\/p>\n<p><strong>DESIGNADOS POR EL PRESIDENTE DEL CONSEJO SOCIAL<\/strong><\/p>\n<p>D. Jos\u00e9 Sepulcre Coves<\/p>\n<p>D. Antonio Arias Paredes<\/p>\n<p><strong>SECRETARIO<\/strong><\/p>\n<p>D. L\u00e1zaro G. Mar\u00edn Navarro-Soto<\/p>\n<\/p>\n<p><\/p>","protected":false},"excerpt":{"rendered":"<p>PRESIDENTE<br \/>\nD. Francisco Borja Miralles<br \/>\nVICEPRESIDENTE<br \/>\nD. Francisco Soler Obrero<br \/>\nVOCALES NATOS UMH<br \/>\nD. Jes\u00fas Tadeo Pastor Ciurana (Rector)<br \/>\nD\u00f1a. M\u00aa Mercedes S\u00e1nchez Castillo (Secretaria General)<br \/>\nD. Rafael Gand\u00eda Balaguer (Gerente)<br \/>\nREPRESENTANTES UMH<br \/>\nD. Fernando Vidal Gim\u00e9nez\u00a0 (P.D.I)<br \/>\nD\u00f1a. Cristina Pastor Valc\u00e1rcel (Alumnos)<br \/>\nD. Juan Agull\u00f3 Valero \u00a0(P.A.S)<br \/>\nREPRESENTANTES DE LOS INTERESES SOCIALES:<br \/>\nDESIGNADOS POR LAS CORTES VALENCIANAS<br \/>\nD. Antonio Ram\u00f3n Guilabert Torregrosa<br \/>\nD. Jos\u00e9 Quiles Soler<br \/>\nDESIGNADO POR EL CONSELLER [&#8230;]<\/p>\n","protected":false},"author":387,"featured_media":0,"parent":89,"menu_order":0,"comment_status":"closed","ping_status":"closed","template":"","meta":{"ngg_post_thumbnail":0,"_links_to":"","_links_to_target":""},"_links":{"self":[{"href":"https:\/\/consejosocial.umh.es\/ca\/wp-json\/wp\/v2\/pages\/182"}],"collection":[{"href":"https:\/\/consejosocial.umh.es\/ca\/wp-json\/wp\/v2\/pages"}],"about":[{"href":"https:\/\/consejosocial.umh.es\/ca\/wp-json\/wp\/v2\/types\/page"}],"author":[{"embeddable":true,"href":"https:\/\/consejosocial.umh.es\/ca\/wp-json\/wp\/v2\/users\/387"}],"replies":[{"embeddable":true,"href":"https:\/\/consejosocial.umh.es\/ca\/wp-json\/wp\/v2\/comments?post=182"}],"version-history":[{"count":0,"href":"https:\/\/consejosocial.umh.es\/ca\/wp-json\/wp\/v2\/pages\/182\/revisions"}],"up":[{"embeddable":true,"href":"https:\/\/consejosocial.umh.es\/ca\/wp-json\/wp\/v2\/pages\/89"}],"wp:attachment":[{"href":"https:\/\/consejosocial.umh.es\/ca\/wp-json\/wp\/v2\/media?parent=182"}],"curies":[{"name":"wp","href":"https:\/\/api.w.org\/{rel}","templated":true}]}}