{"id":115,"date":"2010-03-24T10:54:59","date_gmt":"2010-03-24T09:54:59","guid":{"rendered":"http:\/\/consejosocial.zeus.umh.es\/?page_id=115"},"modified":"2015-03-16T14:40:29","modified_gmt":"2015-03-16T13:40:29","slug":"premiados-v-edicion","status":"publish","type":"page","link":"https:\/\/consejosocial.umh.es\/ca\/premios-consejo-social\/premiados-v-edicion\/","title":{"rendered":"Premiados V Edici\u00f3n"},"content":{"rendered":"<p><\/p>\n<p style=\"text-align: justify\"><strong>PREMIO ACCIONES DE INNOVACI\u00d3N EN LA GESTI\u00d3N:<\/strong><\/p>\n<p style=\"text-align: justify\">D. Alejandro Garc\u00eda Gim\u00e9nez.<\/p>\n<p style=\"text-align: justify\"><strong>PREMIO A EMPRESAS E INSTITUCIONES:<\/strong><\/p>\n<p style=\"text-align: justify\">VISSUM Corporaci\u00f3n Oftalmol\u00f3gica.<\/p>\n<p style=\"text-align: justify\"><strong>PREMIO A ENTIDAD SIN \u00c1NIMO DE LUCRO:<\/strong><\/p>\n<p style=\"text-align: justify\">Banco de alimentos de Alicante.<\/p>\n<p style=\"text-align: justify\"><strong>PREMIO A ESTUDIANTES:<\/strong><\/p>\n<p style=\"text-align: justify\">D\u00f1a. Teresa Cano Ferrer.<br \/>\nD. Antonio Jes\u00fas Barea L\u00f3pez.<br \/>\nD\u00f1a. Patricia Hern\u00e1ndez Mar\u00edn.<\/p>\n<p style=\"text-align: justify\"><strong>PREMIO A EXCELENCIA DOCENTE:<\/strong><\/p>\n<p style=\"text-align: justify\">Prof. Jos\u00e9 Antonio Cavero Rubio.<br \/>\nProf. Sergio Hern\u00e1ndez S\u00e1nchez.<br \/>\nProf. Luis Pay\u00e1 Castell\u00f3.<\/p>\n<p style=\"text-align: justify\"><strong>PREMIO A LA INVESTIGACI\u00d3N:<\/strong><\/p>\n<p style=\"text-align: justify\"><strong>A) PREMIO\u00a0GRUPOS DE INVESTIGACI\u00d3N.<\/strong><\/p>\n<p style=\"text-align: justify\">Prof. Dr. Jos\u00e9 Luis Micol Molina.<\/p>\n<p style=\"text-align: justify\">Miembros:<\/p>\n<p style=\"text-align: justify\">Mar\u00eda Rosa Ponce<\/p>\n<p style=\"text-align: justify\">V\u00edctor Manuel Quesada<\/p>\n<p style=\"text-align: justify\">Pedro Robles<\/p>\n<p style=\"text-align: justify\">Jos\u00e9 Manuel P\u00e9rez.\u00a0<\/p>\n<p style=\"text-align: justify\"><strong>B)\u00a0PREMIO A\u00a0J\u00d3VENES INVESTIGADORES.<\/strong><\/p>\n<p style=\"text-align: justify\">Prof. Dr. Aus\u00edas Garrig\u00f3s Sirvent.<\/p>\n<p style=\"text-align: justify\">\u00a0<\/p>\n<h3 style=\"text-align: justify\">Fotos del acto de entrega de la V Edici\u00f3n de los Premios del Consejo Social.<\/h3>\n<p style=\"text-align: justify\">\u00a0<\/p>\n<p style=\"text-align: justify\"><!-- index.php -->\n<div\n\tclass=\"ngg-galleryoverview ngg-ajax-pagination-none\"\n\tid=\"ngg-gallery-acfff720a34c485dff898894068a5828-1\">\n\n    \t<div class=\"slideshowlink\">\n        <a href='https:\/\/consejosocial.umh.es\/ca\/premios-consejo-social\/premiados-v-edicion\/nggallery\/slideshow'>[Mostrar como pase de diapositivas]<\/a>\n\t\t\n\t<\/div>\n\t\t\t<!-- Thumbnails -->\n\t\t\t\t<div id=\"ngg-image-0\" class=\"ngg-gallery-thumbnail-box\" >\n\t\t\t\t        <div class=\"ngg-gallery-thumbnail\">\n            <a href=\"https:\/\/consejosocial.umh.es\/wp-content\/blogs.dir\/113\/files\/galerias\/fotos-v-edicion-premios-consejo-social\/_MG_9033%20%5B1600x1200%5D.jpg\"\n               title=\"\"\n               data-src=\"https:\/\/consejosocial.umh.es\/wp-content\/blogs.dir\/113\/files\/galerias\/fotos-v-edicion-premios-consejo-social\/_MG_9033%20%5B1600x1200%5D.jpg\"\n               data-thumbnail=\"https:\/\/consejosocial.umh.es\/wp-content\/blogs.dir\/113\/files\/galerias\/fotos-v-edicion-premios-consejo-social\/thumbs\/thumbs__MG_9033%20%5B1600x1200%5D.jpg\"\n               data-image-id=\"74\"\n               data-title=\"_MG_9033 [1600x1200].jpg\"\n               data-description=\"\"\n               data-image-slug=\"_mg_9033-1600x1200-jpg\"\n               class=\"shutterset_acfff720a34c485dff898894068a5828\">\n                <img\n                    title=\"_MG_9033 [1600x1200].jpg\"\n                    alt=\"_MG_9033 [1600x1200].jpg\"\n                    src=\"https:\/\/consejosocial.umh.es\/wp-content\/blogs.dir\/113\/files\/galerias\/fotos-v-edicion-premios-consejo-social\/thumbs\/thumbs__MG_9033%20%5B1600x1200%5D.jpg\"\n                    width=\"100\"\n                    height=\"75\"\n                    style=\"max-width:100%;\"\n                \/>\n            <\/a>\n        <\/div>\n\t\t\t\t\t\t\t<\/div> \n\t\t\t\n        \n\t\t\t\t<div id=\"ngg-image-1\" class=\"ngg-gallery-thumbnail-box\" >\n\t\t\t\t        <div class=\"ngg-gallery-thumbnail\">\n            <a href=\"https:\/\/consejosocial.umh.es\/wp-content\/blogs.dir\/113\/files\/galerias\/fotos-v-edicion-premios-consejo-social\/_MG_9036%20%5B1600x1200%5D.jpg\"\n               title=\"\"\n               data-src=\"https:\/\/consejosocial.umh.es\/wp-content\/blogs.dir\/113\/files\/galerias\/fotos-v-edicion-premios-consejo-social\/_MG_9036%20%5B1600x1200%5D.jpg\"\n               data-thumbnail=\"https:\/\/consejosocial.umh.es\/wp-content\/blogs.dir\/113\/files\/galerias\/fotos-v-edicion-premios-consejo-social\/thumbs\/thumbs__MG_9036%20%5B1600x1200%5D.jpg\"\n               data-image-id=\"75\"\n               data-title=\"_MG_9036 [1600x1200].jpg\"\n               data-description=\"\"\n               data-image-slug=\"_mg_9036-1600x1200-jpg\"\n               class=\"shutterset_acfff720a34c485dff898894068a5828\">\n                <img\n                    title=\"_MG_9036 [1600x1200].jpg\"\n                    alt=\"_MG_9036 [1600x1200].jpg\"\n                    src=\"https:\/\/consejosocial.umh.es\/wp-content\/blogs.dir\/113\/files\/galerias\/fotos-v-edicion-premios-consejo-social\/thumbs\/thumbs__MG_9036%20%5B1600x1200%5D.jpg\"\n                    width=\"100\"\n                    height=\"75\"\n                    style=\"max-width:100%;\"\n                \/>\n            <\/a>\n        <\/div>\n\t\t\t\t\t\t\t<\/div> \n\t\t\t\n        \n\t\t\t\t<div id=\"ngg-image-2\" class=\"ngg-gallery-thumbnail-box\" >\n\t\t\t\t        <div class=\"ngg-gallery-thumbnail\">\n            <a href=\"https:\/\/consejosocial.umh.es\/wp-content\/blogs.dir\/113\/files\/galerias\/fotos-v-edicion-premios-consejo-social\/_MG_9046%20%5B1600x1200%5D.jpg\"\n               title=\"\"\n               data-src=\"https:\/\/consejosocial.umh.es\/wp-content\/blogs.dir\/113\/files\/galerias\/fotos-v-edicion-premios-consejo-social\/_MG_9046%20%5B1600x1200%5D.jpg\"\n               data-thumbnail=\"https:\/\/consejosocial.umh.es\/wp-content\/blogs.dir\/113\/files\/galerias\/fotos-v-edicion-premios-consejo-social\/thumbs\/thumbs__MG_9046%20%5B1600x1200%5D.jpg\"\n               data-image-id=\"76\"\n               data-title=\"_MG_9046 [1600x1200].jpg\"\n               data-description=\"\"\n               data-image-slug=\"_mg_9046-1600x1200-jpg\"\n               class=\"shutterset_acfff720a34c485dff898894068a5828\">\n                <img\n                    title=\"_MG_9046 [1600x1200].jpg\"\n                    alt=\"_MG_9046 [1600x1200].jpg\"\n                    src=\"https:\/\/consejosocial.umh.es\/wp-content\/blogs.dir\/113\/files\/galerias\/fotos-v-edicion-premios-consejo-social\/thumbs\/thumbs__MG_9046%20%5B1600x1200%5D.jpg\"\n                    width=\"100\"\n                    height=\"75\"\n                    style=\"max-width:100%;\"\n                \/>\n            <\/a>\n        <\/div>\n\t\t\t\t\t\t\t<\/div> \n\t\t\t\n        \n\t\t\t\t<div id=\"ngg-image-3\" class=\"ngg-gallery-thumbnail-box\" >\n\t\t\t\t        <div class=\"ngg-gallery-thumbnail\">\n            <a href=\"https:\/\/consejosocial.umh.es\/wp-content\/blogs.dir\/113\/files\/galerias\/fotos-v-edicion-premios-consejo-social\/_MG_9060%20%5B1600x1200%5D.jpg\"\n               title=\"\"\n               data-src=\"https:\/\/consejosocial.umh.es\/wp-content\/blogs.dir\/113\/files\/galerias\/fotos-v-edicion-premios-consejo-social\/_MG_9060%20%5B1600x1200%5D.jpg\"\n               data-thumbnail=\"https:\/\/consejosocial.umh.es\/wp-content\/blogs.dir\/113\/files\/galerias\/fotos-v-edicion-premios-consejo-social\/thumbs\/thumbs__MG_9060%20%5B1600x1200%5D.jpg\"\n               data-image-id=\"77\"\n               data-title=\"_MG_9060 [1600x1200].jpg\"\n               data-description=\"\"\n               data-image-slug=\"_mg_9060-1600x1200-jpg\"\n               class=\"shutterset_acfff720a34c485dff898894068a5828\">\n                <img\n                    title=\"_MG_9060 [1600x1200].jpg\"\n                    alt=\"_MG_9060 [1600x1200].jpg\"\n                    src=\"https:\/\/consejosocial.umh.es\/wp-content\/blogs.dir\/113\/files\/galerias\/fotos-v-edicion-premios-consejo-social\/thumbs\/thumbs__MG_9060%20%5B1600x1200%5D.jpg\"\n                    width=\"100\"\n                    height=\"75\"\n                    style=\"max-width:100%;\"\n                \/>\n            <\/a>\n        <\/div>\n\t\t\t\t\t\t\t<\/div> \n\t\t\t\n        \n\t\t\t\t<div id=\"ngg-image-4\" class=\"ngg-gallery-thumbnail-box\" >\n\t\t\t\t        <div class=\"ngg-gallery-thumbnail\">\n            <a href=\"https:\/\/consejosocial.umh.es\/wp-content\/blogs.dir\/113\/files\/galerias\/fotos-v-edicion-premios-consejo-social\/_MG_9082%20%5B1600x1200%5D.jpg\"\n               title=\"\"\n               data-src=\"https:\/\/consejosocial.umh.es\/wp-content\/blogs.dir\/113\/files\/galerias\/fotos-v-edicion-premios-consejo-social\/_MG_9082%20%5B1600x1200%5D.jpg\"\n               data-thumbnail=\"https:\/\/consejosocial.umh.es\/wp-content\/blogs.dir\/113\/files\/galerias\/fotos-v-edicion-premios-consejo-social\/thumbs\/thumbs__MG_9082%20%5B1600x1200%5D.jpg\"\n               data-image-id=\"78\"\n               data-title=\"_MG_9082 [1600x1200].jpg\"\n               data-description=\"\"\n               data-image-slug=\"_mg_9082-1600x1200-jpg\"\n               class=\"shutterset_acfff720a34c485dff898894068a5828\">\n                <img\n                    title=\"_MG_9082 [1600x1200].jpg\"\n                    alt=\"_MG_9082 [1600x1200].jpg\"\n                    src=\"https:\/\/consejosocial.umh.es\/wp-content\/blogs.dir\/113\/files\/galerias\/fotos-v-edicion-premios-consejo-social\/thumbs\/thumbs__MG_9082%20%5B1600x1200%5D.jpg\"\n                    width=\"100\"\n                    height=\"75\"\n                    style=\"max-width:100%;\"\n                \/>\n            <\/a>\n        <\/div>\n\t\t\t\t\t\t\t<\/div> \n\t\t\t\n        \n\t\t\t\t<div id=\"ngg-image-5\" class=\"ngg-gallery-thumbnail-box\" >\n\t\t\t\t        <div class=\"ngg-gallery-thumbnail\">\n            <a href=\"https:\/\/consejosocial.umh.es\/wp-content\/blogs.dir\/113\/files\/galerias\/fotos-v-edicion-premios-consejo-social\/_MG_9095%20%5B1600x1200%5D.jpg\"\n               title=\"\"\n               data-src=\"https:\/\/consejosocial.umh.es\/wp-content\/blogs.dir\/113\/files\/galerias\/fotos-v-edicion-premios-consejo-social\/_MG_9095%20%5B1600x1200%5D.jpg\"\n               data-thumbnail=\"https:\/\/consejosocial.umh.es\/wp-content\/blogs.dir\/113\/files\/galerias\/fotos-v-edicion-premios-consejo-social\/thumbs\/thumbs__MG_9095%20%5B1600x1200%5D.jpg\"\n               data-image-id=\"79\"\n               data-title=\"_MG_9095 [1600x1200].jpg\"\n               data-description=\"\"\n               data-image-slug=\"_mg_9095-1600x1200-jpg\"\n               class=\"shutterset_acfff720a34c485dff898894068a5828\">\n                <img\n                    title=\"_MG_9095 [1600x1200].jpg\"\n                    alt=\"_MG_9095 [1600x1200].jpg\"\n                    src=\"https:\/\/consejosocial.umh.es\/wp-content\/blogs.dir\/113\/files\/galerias\/fotos-v-edicion-premios-consejo-social\/thumbs\/thumbs__MG_9095%20%5B1600x1200%5D.jpg\"\n                    width=\"100\"\n                    height=\"75\"\n                    style=\"max-width:100%;\"\n                \/>\n            <\/a>\n        <\/div>\n\t\t\t\t\t\t\t<\/div> \n\t\t\t\n        \n\t\t\t\t<div id=\"ngg-image-6\" class=\"ngg-gallery-thumbnail-box\" >\n\t\t\t\t        <div class=\"ngg-gallery-thumbnail\">\n            <a href=\"https:\/\/consejosocial.umh.es\/wp-content\/blogs.dir\/113\/files\/galerias\/fotos-v-edicion-premios-consejo-social\/_MG_9103%20%5B1600x1200%5D.jpg\"\n               title=\"\"\n               data-src=\"https:\/\/consejosocial.umh.es\/wp-content\/blogs.dir\/113\/files\/galerias\/fotos-v-edicion-premios-consejo-social\/_MG_9103%20%5B1600x1200%5D.jpg\"\n               data-thumbnail=\"https:\/\/consejosocial.umh.es\/wp-content\/blogs.dir\/113\/files\/galerias\/fotos-v-edicion-premios-consejo-social\/thumbs\/thumbs__MG_9103%20%5B1600x1200%5D.jpg\"\n               data-image-id=\"80\"\n               data-title=\"_MG_9103 [1600x1200].jpg\"\n               data-description=\"\"\n               data-image-slug=\"_mg_9103-1600x1200-jpg\"\n               class=\"shutterset_acfff720a34c485dff898894068a5828\">\n                <img\n                    title=\"_MG_9103 [1600x1200].jpg\"\n                    alt=\"_MG_9103 [1600x1200].jpg\"\n                    src=\"https:\/\/consejosocial.umh.es\/wp-content\/blogs.dir\/113\/files\/galerias\/fotos-v-edicion-premios-consejo-social\/thumbs\/thumbs__MG_9103%20%5B1600x1200%5D.jpg\"\n                    width=\"100\"\n                    height=\"75\"\n                    style=\"max-width:100%;\"\n                \/>\n            <\/a>\n        <\/div>\n\t\t\t\t\t\t\t<\/div> \n\t\t\t\n        \n\t\t\t\t<div id=\"ngg-image-7\" class=\"ngg-gallery-thumbnail-box\" >\n\t\t\t\t        <div class=\"ngg-gallery-thumbnail\">\n            <a href=\"https:\/\/consejosocial.umh.es\/wp-content\/blogs.dir\/113\/files\/galerias\/fotos-v-edicion-premios-consejo-social\/_MG_9110%20%5B1600x1200%5D.jpg\"\n               title=\"\"\n               data-src=\"https:\/\/consejosocial.umh.es\/wp-content\/blogs.dir\/113\/files\/galerias\/fotos-v-edicion-premios-consejo-social\/_MG_9110%20%5B1600x1200%5D.jpg\"\n               data-thumbnail=\"https:\/\/consejosocial.umh.es\/wp-content\/blogs.dir\/113\/files\/galerias\/fotos-v-edicion-premios-consejo-social\/thumbs\/thumbs__MG_9110%20%5B1600x1200%5D.jpg\"\n               data-image-id=\"81\"\n               data-title=\"_MG_9110 [1600x1200].jpg\"\n               data-description=\"\"\n               data-image-slug=\"_mg_9110-1600x1200-jpg\"\n               class=\"shutterset_acfff720a34c485dff898894068a5828\">\n                <img\n                    title=\"_MG_9110 [1600x1200].jpg\"\n                    alt=\"_MG_9110 [1600x1200].jpg\"\n                    src=\"https:\/\/consejosocial.umh.es\/wp-content\/blogs.dir\/113\/files\/galerias\/fotos-v-edicion-premios-consejo-social\/thumbs\/thumbs__MG_9110%20%5B1600x1200%5D.jpg\"\n                    width=\"100\"\n                    height=\"75\"\n                    style=\"max-width:100%;\"\n                \/>\n            <\/a>\n        <\/div>\n\t\t\t\t\t\t\t<\/div> \n\t\t\t\n        \n\t\t\t\t<div id=\"ngg-image-8\" class=\"ngg-gallery-thumbnail-box\" >\n\t\t\t\t        <div class=\"ngg-gallery-thumbnail\">\n            <a href=\"https:\/\/consejosocial.umh.es\/wp-content\/blogs.dir\/113\/files\/galerias\/fotos-v-edicion-premios-consejo-social\/_MG_9129%20%5B1600x1200%5D.jpg\"\n               title=\"\"\n               data-src=\"https:\/\/consejosocial.umh.es\/wp-content\/blogs.dir\/113\/files\/galerias\/fotos-v-edicion-premios-consejo-social\/_MG_9129%20%5B1600x1200%5D.jpg\"\n               data-thumbnail=\"https:\/\/consejosocial.umh.es\/wp-content\/blogs.dir\/113\/files\/galerias\/fotos-v-edicion-premios-consejo-social\/thumbs\/thumbs__MG_9129%20%5B1600x1200%5D.jpg\"\n               data-image-id=\"82\"\n               data-title=\"_MG_9129 [1600x1200].jpg\"\n               data-description=\"\"\n               data-image-slug=\"_mg_9129-1600x1200-jpg\"\n               class=\"shutterset_acfff720a34c485dff898894068a5828\">\n                <img\n                    title=\"_MG_9129 [1600x1200].jpg\"\n                    alt=\"_MG_9129 [1600x1200].jpg\"\n                    src=\"https:\/\/consejosocial.umh.es\/wp-content\/blogs.dir\/113\/files\/galerias\/fotos-v-edicion-premios-consejo-social\/thumbs\/thumbs__MG_9129%20%5B1600x1200%5D.jpg\"\n                    width=\"100\"\n                    height=\"75\"\n                    style=\"max-width:100%;\"\n                \/>\n            <\/a>\n        <\/div>\n\t\t\t\t\t\t\t<\/div> \n\t\t\t\n        \n\t\t\t\t<div id=\"ngg-image-9\" class=\"ngg-gallery-thumbnail-box\" >\n\t\t\t\t        <div class=\"ngg-gallery-thumbnail\">\n            <a href=\"https:\/\/consejosocial.umh.es\/wp-content\/blogs.dir\/113\/files\/galerias\/fotos-v-edicion-premios-consejo-social\/_MG_9154%20%5B1600x1200%5D.jpg\"\n               title=\"\"\n               data-src=\"https:\/\/consejosocial.umh.es\/wp-content\/blogs.dir\/113\/files\/galerias\/fotos-v-edicion-premios-consejo-social\/_MG_9154%20%5B1600x1200%5D.jpg\"\n               data-thumbnail=\"https:\/\/consejosocial.umh.es\/wp-content\/blogs.dir\/113\/files\/galerias\/fotos-v-edicion-premios-consejo-social\/thumbs\/thumbs__MG_9154%20%5B1600x1200%5D.jpg\"\n               data-image-id=\"83\"\n               data-title=\"_MG_9154 [1600x1200].jpg\"\n               data-description=\"\"\n               data-image-slug=\"_mg_9154-1600x1200-jpg\"\n               class=\"shutterset_acfff720a34c485dff898894068a5828\">\n                <img\n                    title=\"_MG_9154 [1600x1200].jpg\"\n                    alt=\"_MG_9154 [1600x1200].jpg\"\n                    src=\"https:\/\/consejosocial.umh.es\/wp-content\/blogs.dir\/113\/files\/galerias\/fotos-v-edicion-premios-consejo-social\/thumbs\/thumbs__MG_9154%20%5B1600x1200%5D.jpg\"\n                    width=\"100\"\n                    height=\"75\"\n                    style=\"max-width:100%;\"\n                \/>\n            <\/a>\n        <\/div>\n\t\t\t\t\t\t\t<\/div> \n\t\t\t\n        \n\t\t\t\t<div id=\"ngg-image-10\" class=\"ngg-gallery-thumbnail-box\" >\n\t\t\t\t        <div class=\"ngg-gallery-thumbnail\">\n            <a href=\"https:\/\/consejosocial.umh.es\/wp-content\/blogs.dir\/113\/files\/galerias\/fotos-v-edicion-premios-consejo-social\/_MG_9165%20%5B1600x1200%5D.jpg\"\n               title=\"\"\n               data-src=\"https:\/\/consejosocial.umh.es\/wp-content\/blogs.dir\/113\/files\/galerias\/fotos-v-edicion-premios-consejo-social\/_MG_9165%20%5B1600x1200%5D.jpg\"\n               data-thumbnail=\"https:\/\/consejosocial.umh.es\/wp-content\/blogs.dir\/113\/files\/galerias\/fotos-v-edicion-premios-consejo-social\/thumbs\/thumbs__MG_9165%20%5B1600x1200%5D.jpg\"\n               data-image-id=\"84\"\n               data-title=\"_MG_9165 [1600x1200].jpg\"\n               data-description=\"\"\n               data-image-slug=\"_mg_9165-1600x1200-jpg\"\n               class=\"shutterset_acfff720a34c485dff898894068a5828\">\n                <img\n                    title=\"_MG_9165 [1600x1200].jpg\"\n                    alt=\"_MG_9165 [1600x1200].jpg\"\n                    src=\"https:\/\/consejosocial.umh.es\/wp-content\/blogs.dir\/113\/files\/galerias\/fotos-v-edicion-premios-consejo-social\/thumbs\/thumbs__MG_9165%20%5B1600x1200%5D.jpg\"\n                    width=\"100\"\n                    height=\"75\"\n                    style=\"max-width:100%;\"\n                \/>\n            <\/a>\n        <\/div>\n\t\t\t\t\t\t\t<\/div> \n\t\t\t\n        \n\t\t\t\t<div id=\"ngg-image-11\" class=\"ngg-gallery-thumbnail-box\" >\n\t\t\t\t        <div class=\"ngg-gallery-thumbnail\">\n            <a href=\"https:\/\/consejosocial.umh.es\/wp-content\/blogs.dir\/113\/files\/galerias\/fotos-v-edicion-premios-consejo-social\/_MG_9180%20%5B1600x1200%5D.jpg\"\n               title=\"\"\n               data-src=\"https:\/\/consejosocial.umh.es\/wp-content\/blogs.dir\/113\/files\/galerias\/fotos-v-edicion-premios-consejo-social\/_MG_9180%20%5B1600x1200%5D.jpg\"\n               data-thumbnail=\"https:\/\/consejosocial.umh.es\/wp-content\/blogs.dir\/113\/files\/galerias\/fotos-v-edicion-premios-consejo-social\/thumbs\/thumbs__MG_9180%20%5B1600x1200%5D.jpg\"\n               data-image-id=\"85\"\n               data-title=\"_MG_9180 [1600x1200].jpg\"\n               data-description=\"\"\n               data-image-slug=\"_mg_9180-1600x1200-jpg\"\n               class=\"shutterset_acfff720a34c485dff898894068a5828\">\n                <img\n                    title=\"_MG_9180 [1600x1200].jpg\"\n                    alt=\"_MG_9180 [1600x1200].jpg\"\n                    src=\"https:\/\/consejosocial.umh.es\/wp-content\/blogs.dir\/113\/files\/galerias\/fotos-v-edicion-premios-consejo-social\/thumbs\/thumbs__MG_9180%20%5B1600x1200%5D.jpg\"\n                    width=\"100\"\n                    height=\"75\"\n                    style=\"max-width:100%;\"\n                \/>\n            <\/a>\n        <\/div>\n\t\t\t\t\t\t\t<\/div> \n\t\t\t\n        \n\t\t\t\t<div id=\"ngg-image-12\" class=\"ngg-gallery-thumbnail-box\" >\n\t\t\t\t        <div class=\"ngg-gallery-thumbnail\">\n            <a href=\"https:\/\/consejosocial.umh.es\/wp-content\/blogs.dir\/113\/files\/galerias\/fotos-v-edicion-premios-consejo-social\/_MG_9247%20%5B1600x1200%5D.jpg\"\n               title=\"\"\n               data-src=\"https:\/\/consejosocial.umh.es\/wp-content\/blogs.dir\/113\/files\/galerias\/fotos-v-edicion-premios-consejo-social\/_MG_9247%20%5B1600x1200%5D.jpg\"\n               data-thumbnail=\"https:\/\/consejosocial.umh.es\/wp-content\/blogs.dir\/113\/files\/galerias\/fotos-v-edicion-premios-consejo-social\/thumbs\/thumbs__MG_9247%20%5B1600x1200%5D.jpg\"\n               data-image-id=\"86\"\n               data-title=\"_MG_9247 [1600x1200].jpg\"\n               data-description=\"\"\n               data-image-slug=\"_mg_9247-1600x1200-jpg\"\n               class=\"shutterset_acfff720a34c485dff898894068a5828\">\n                <img\n                    title=\"_MG_9247 [1600x1200].jpg\"\n                    alt=\"_MG_9247 [1600x1200].jpg\"\n                    src=\"https:\/\/consejosocial.umh.es\/wp-content\/blogs.dir\/113\/files\/galerias\/fotos-v-edicion-premios-consejo-social\/thumbs\/thumbs__MG_9247%20%5B1600x1200%5D.jpg\"\n                    width=\"100\"\n                    height=\"75\"\n                    style=\"max-width:100%;\"\n                \/>\n            <\/a>\n        <\/div>\n\t\t\t\t\t\t\t<\/div> \n\t\t\t\n        \n\t\t\t\t<div id=\"ngg-image-13\" class=\"ngg-gallery-thumbnail-box\" >\n\t\t\t\t        <div class=\"ngg-gallery-thumbnail\">\n            <a href=\"https:\/\/consejosocial.umh.es\/wp-content\/blogs.dir\/113\/files\/galerias\/fotos-v-edicion-premios-consejo-social\/_MG_9252%20%5B1600x1200%5D.jpg\"\n               title=\"\"\n               data-src=\"https:\/\/consejosocial.umh.es\/wp-content\/blogs.dir\/113\/files\/galerias\/fotos-v-edicion-premios-consejo-social\/_MG_9252%20%5B1600x1200%5D.jpg\"\n               data-thumbnail=\"https:\/\/consejosocial.umh.es\/wp-content\/blogs.dir\/113\/files\/galerias\/fotos-v-edicion-premios-consejo-social\/thumbs\/thumbs__MG_9252%20%5B1600x1200%5D.jpg\"\n               data-image-id=\"87\"\n               data-title=\"_MG_9252 [1600x1200].jpg\"\n               data-description=\"\"\n               data-image-slug=\"_mg_9252-1600x1200-jpg\"\n               class=\"shutterset_acfff720a34c485dff898894068a5828\">\n                <img\n                    title=\"_MG_9252 [1600x1200].jpg\"\n                    alt=\"_MG_9252 [1600x1200].jpg\"\n                    src=\"https:\/\/consejosocial.umh.es\/wp-content\/blogs.dir\/113\/files\/galerias\/fotos-v-edicion-premios-consejo-social\/thumbs\/thumbs__MG_9252%20%5B1600x1200%5D.jpg\"\n                    width=\"100\"\n                    height=\"75\"\n                    style=\"max-width:100%;\"\n                \/>\n            <\/a>\n        <\/div>\n\t\t\t\t\t\t\t<\/div> \n\t\t\t\n        \n\t\t\n\t\t<!-- Pagination -->\n\t<div class='ngg-clear'><\/div>\t<\/div>\n\n<p><\/p>","protected":false},"excerpt":{"rendered":"<p>PREMIO ACCIONES DE INNOVACI\u00d3N EN LA GESTI\u00d3N:<br \/>\nD. Alejandro Garc\u00eda Gim\u00e9nez.<br \/>\nPREMIO A EMPRESAS E INSTITUCIONES:<br \/>\nVISSUM Corporaci\u00f3n Oftalmol\u00f3gica.<br \/>\nPREMIO A ENTIDAD SIN \u00c1NIMO DE LUCRO:<br \/>\nBanco de alimentos de Alicante.<br \/>\nPREMIO A ESTUDIANTES:<br \/>\nD\u00f1a. Teresa Cano Ferrer.<br \/>\nD. Antonio Jes\u00fas Barea L\u00f3pez.<br \/>\nD\u00f1a. Patricia Hern\u00e1ndez Mar\u00edn.<br \/>\nPREMIO A EXCELENCIA DOCENTE:<br \/>\nProf. Jos\u00e9 Antonio Cavero Rubio.<br \/>\nProf. Sergio Hern\u00e1ndez S\u00e1nchez.<br \/>\nProf. Luis Pay\u00e1 Castell\u00f3.<br \/>\nPREMIO A LA INVESTIGACI\u00d3N:<br \/>\nA) PREMIO\u00a0GRUPOS [&#8230;]<\/p>\n","protected":false},"author":1,"featured_media":0,"parent":62,"menu_order":50,"comment_status":"closed","ping_status":"closed","template":"","meta":{"ngg_post_thumbnail":0,"_links_to":"","_links_to_target":""},"_links":{"self":[{"href":"https:\/\/consejosocial.umh.es\/ca\/wp-json\/wp\/v2\/pages\/115"}],"collection":[{"href":"https:\/\/consejosocial.umh.es\/ca\/wp-json\/wp\/v2\/pages"}],"about":[{"href":"https:\/\/consejosocial.umh.es\/ca\/wp-json\/wp\/v2\/types\/page"}],"author":[{"embeddable":true,"href":"https:\/\/consejosocial.umh.es\/ca\/wp-json\/wp\/v2\/users\/1"}],"replies":[{"embeddable":true,"href":"https:\/\/consejosocial.umh.es\/ca\/wp-json\/wp\/v2\/comments?post=115"}],"version-history":[{"count":0,"href":"https:\/\/consejosocial.umh.es\/ca\/wp-json\/wp\/v2\/pages\/115\/revisions"}],"up":[{"embeddable":true,"href":"https:\/\/consejosocial.umh.es\/ca\/wp-json\/wp\/v2\/pages\/62"}],"wp:attachment":[{"href":"https:\/\/consejosocial.umh.es\/ca\/wp-json\/wp\/v2\/media?parent=115"}],"curies":[{"name":"wp","href":"https:\/\/api.w.org\/{rel}","templated":true}]}}